{"id":24520,"date":"2026-05-01T14:59:57","date_gmt":"2026-05-01T12:59:57","guid":{"rendered":"https:\/\/www.poesiegalerie.at\/wordpress\/?page_id=24520"},"modified":"2026-05-01T14:59:57","modified_gmt":"2026-05-01T12:59:57","slug":"kluy-alexander","status":"publish","type":"page","link":"https:\/\/www.poesiegalerie.at\/wordpress\/autor%e2%80%91innen\/kluy-alexander\/","title":{"rendered":"Kluy Alexander"},"content":{"rendered":"<section class=\"wpb-content-wrapper\">[vc_row][vc_column width=&#8220;2\/3&#8243;][vc_column_text css=&#8220;.vc_custom_1591810821563{margin-bottom: 10px !important;}&#8220;]\n<h4>Biografie<\/h4>\n[\/vc_column_text][vc_column_text]geboren 1966 in N\u00fcrnberg. Der Autor wuchs am Bodensee auf und lebt als Autor, Journalist und Herausgeber in M\u00fcnchen. Studium der Germanistik und Amerikanistik an der Ludwigs-Maximilians-Universit\u00e4t in M\u00fcnchen. Themen und Arbeitsschwerpunkte: Literatur. Rezensionen. Kulturgeschichte. Biographien. Publizierte bis 2026 ca. 50 B\u00fccher. Er schreibt regelm\u00e4\u00dfig u. a. f\u00fcr Standard, Buchkultur, Psychologie Heute,\u00a0wina. das j\u00fcdische stadtmagazin, J\u00fcdische Allgemeine und die Poesiegalerie. Ist bei\u00a0<em>Sprachsalz,<\/em>\u00a0den Internationalen Tiroler Literaturtagen in Kufstein, als Kurator und Organisator t\u00e4tig.[\/vc_column_text][vc_column_text css=&#8220;.vc_custom_1592073008510{margin-bottom: 10px !important;}&#8220;]\n<h4>Ver\u00f6ffentlichungen<\/h4>\n[\/vc_column_text][vc_column_text]\n<ul>\n<li><em>Der Bleistift<\/em>: Eine kleine Kulturgeschichte. Limbus, 2025<\/li>\n<li><em>Giraffen: Eine Kulturgeschichte<\/em>, Edition Atelier, Wien 2022<\/li>\n<li>(Hrsg)\u00a0<em>Joachim Ringelnatz: Einfach sch\u00f6ne Gedichte<\/em>. S. Marix Verlag, 2021<\/li>\n<li><em>Fahrradspa\u00df: Geschichten und Gedichte<\/em>. Reclam, 2014<\/li>\n<li><em>Gedichte f\u00fcr Bergfreunde<\/em>. dtv, M\u00fcnchen, 2012<\/li>\n<li><em>J\u00fcdisches Paris<\/em>\u00a0<em>(Mandelbaum City Guide).\u00a0<\/em>Mandelbaum, 2011<\/li>\n<li><em>Wie die wei\u00dfen Flocken fliegen! Schnee-Gedichte<\/em>. Reclam, 2011<\/li>\n<li><em>J\u00fcdisches M\u00fcnchen (Mandelbaum City Guide).\u00a0<\/em>Mandelbaum, 2009<\/li>\n<li><em>Spazierg\u00e4nge rund um den Bodensee der Literaten und K\u00fcnstler.<\/em> Arche, 2008<\/li>\n<li><em>Ber\u00fchmt in Wien (Museumsf\u00fchrer)<\/em>. (Englisch) Prestel, 2004<\/li>\n<\/ul>\n[\/vc_column_text][\/vc_column][vc_column width=&#8220;1\/3&#8243;][vc_single_image image=&#8220;24517&#8243; img_size=&#8220;full&#8220; alignment=&#8220;center&#8220; css_animation=&#8220;fadeIn&#8220;][vc_column_text]\n<p style=\"text-align: right; margin-top: -35px;\"><strong>\u00a9 Filippo-Cirri<\/strong><\/p>\n[\/vc_column_text][vc_separator css=&#8220;.vc_custom_1591809399522{margin-bottom: 35px !important;}&#8220;][vc_column_text]\n<p style=\"text-align: center;\">*1966 in N\u00fcrnberg<\/p>\n[\/vc_column_text][vc_column_text][\/vc_column_text][\/vc_column][\/vc_row][vc_row][vc_column]\t<div class=\"thb_title  style1  \" id=\"thb-title-69f7329b8f66e\">\n\t<div class=\"thb_title_inner\">\n\t\t\t\t<svg version=\"1.1\" class=\"left_brackets\" xmlns=\"http:\/\/www.w3.org\/2000\/svg\" xmlns:xlink=\"http:\/\/www.w3.org\/1999\/xlink\" x=\"0px\" y=\"0px\"\r\n\t width=\"9px\" height=\"41px\" viewBox=\"0 0 9 41.5\" enable-background=\"new 0 0 9 41\" xml:space=\"preserve\">\r\n\t<path fill-rule=\"evenodd\" clip-rule=\"evenodd\" d=\"M8.932,2.101C8.35,1.803,7.755,1.377,7.093,1.185\r\n\t\tC4.735,0.501,3.077,2.059,2.557,4.512c-0.409,1.926,0.018,3.794,0.431,5.662c0.329,1.484,0.669,2.966,0.966,4.458\r\n\t\tc0.102,0.511,0.12,1.046,0.114,1.569c-0.018,1.876-0.77,3.303-2.681,4.073c2.614,1.149,2.975,3.284,2.56,5.675\r\n\t\tc-0.417,2.395-1.016,4.758-1.431,7.153C2.362,33.982,2.4,34.93,2.53,35.821c0.444,3.047,3.293,5.085,6.148,2.723\r\n\t\tC8.756,38.479,8.848,38.431,9,38.331c-1.102,1.964-3.579,2.703-5.296,1.951c-2.036-0.892-3.179-2.438-3.271-4.678\r\n\t\tc-0.087-2.105,0.488-4.104,1.052-6.104c0.429-1.515,0.866-3.033,1.155-4.576c0.423-2.255-0.472-3.747-2.64-4.6\r\n\t\tc0.478-0.263,0.963-0.449,1.351-0.758c1.226-0.979,1.607-2.327,1.307-3.797c-0.358-1.756-0.939-3.467-1.302-5.223\r\n\t\tC0.972,8.688,0.554,6.808,0.475,4.923C0.388,2.834,1.58,1.315,3.445,0.405C5.412-0.554,7.894,0.26,8.932,2.101z\"\/>\r\n<\/svg>\r\n\t\t<h2>Beitr\u00e4ge<\/h2>\n\t\t<svg version=\"1.1\" class=\"right_brackets\" xmlns=\"http:\/\/www.w3.org\/2000\/svg\" xmlns:xlink=\"http:\/\/www.w3.org\/1999\/xlink\" x=\"0px\" y=\"0px\"\r\n\t width=\"9px\" height=\"41px\" viewBox=\"0 0 9 41.5\" enable-background=\"new 0 0 9 41\" xml:space=\"preserve\">\r\n\t<path fill-rule=\"evenodd\" clip-rule=\"evenodd\" d=\"M0.068,2.101C0.65,1.803,1.245,1.377,1.907,1.185\r\n\t\tc2.357-0.683,4.016,0.874,4.536,3.328c0.409,1.926-0.018,3.794-0.431,5.662c-0.329,1.484-0.669,2.966-0.966,4.458\r\n\t\tc-0.102,0.511-0.12,1.046-0.114,1.569c0.018,1.876,0.77,3.303,2.681,4.073c-2.614,1.149-2.975,3.284-2.56,5.675\r\n\t\tc0.417,2.395,1.016,4.758,1.431,7.153c0.153,0.881,0.115,1.828-0.015,2.72c-0.444,3.047-3.293,5.085-6.148,2.723\r\n\t\tC0.244,38.479,0.152,38.431,0,38.331c1.102,1.964,3.579,2.703,5.296,1.951c2.036-0.892,3.179-2.438,3.271-4.678\r\n\t\tc0.087-2.105-0.488-4.104-1.052-6.104c-0.429-1.515-0.866-3.033-1.155-4.576c-0.423-2.255,0.472-3.747,2.64-4.6\r\n\t\tc-0.478-0.263-0.963-0.449-1.351-0.758c-1.226-0.979-1.607-2.327-1.307-3.797c0.358-1.756,0.939-3.467,1.302-5.223\r\n\t\tc0.384-1.859,0.802-3.739,0.881-5.624C8.612,2.834,7.42,1.315,5.555,0.405C3.588-0.554,1.106,0.26,0.068,2.101z\"\/>\r\n<\/svg>\r\n\t\t\t<\/div>\n\t\t\t<\/div>\n\t[\/vc_column][\/vc_row][vc_row][vc_column]\t\t<div class=\"thb-carousel thb-post-carousel thb-post-carousel-style5     center-arrows no-padding large-arrows   \" data-columns=\"3\" data-pagination=\"false\" data-navigation=\"false\" data-autoplay=\"true\" data-autoplay-speed=\"4000\" data-infinite=\"false\">\n\t\t\t\t\t\t\t<div class=\"columns\">\n\t\t\t\t\t\t\t\t\t\t\t\t\t\t\t\t\t\t\t\t\t\t\t\t\t\t\t\t\t\t\t<div class=\"post style12 featured-style featured-overflow center-contents post-24507 type-post status-publish format-standard has-post-thumbnail hentry category-interviews tag-alexander-kluy\">\n  <figure class=\"post-gallery thb-parallax\" data-video=\"mp4:\">\n    <img width=\"740\" height=\"710\" src=\"https:\/\/www.poesiegalerie.at\/wordpress\/wp-content\/uploads\/2026\/05\/Portraitfoto-Alexander-Kluy-\u00a9Filippo-Cirri-1-20x19.jpeg\" class=\"attachment-theissue-square-x2 size-theissue-square-x2 thb-lazyload lazyload wp-post-image\" alt=\"\" decoding=\"async\" loading=\"lazy\" sizes=\"(max-width: 740px) 100vw, 740px\" data-src=\"https:\/\/www.poesiegalerie.at\/wordpress\/wp-content\/uploads\/2026\/05\/Portraitfoto-Alexander-Kluy-\u00a9Filippo-Cirri-1-740x710.jpeg\" data-sizes=\"auto\" data-srcset=\"https:\/\/www.poesiegalerie.at\/wordpress\/wp-content\/uploads\/2026\/05\/Portraitfoto-Alexander-Kluy-\u00a9Filippo-Cirri-1-740x710.jpeg 740w, https:\/\/www.poesiegalerie.at\/wordpress\/wp-content\/uploads\/2026\/05\/Portraitfoto-Alexander-Kluy-\u00a9Filippo-Cirri-1-370x355.jpeg 370w, https:\/\/www.poesiegalerie.at\/wordpress\/wp-content\/uploads\/2026\/05\/Portraitfoto-Alexander-Kluy-\u00a9Filippo-Cirri-1-20x18.jpeg 20w\" \/>  <\/figure>\n  <div class=\"post-inner-content\">\n    <div class=\"post-overflow-content\">\n      \t\t<aside class=\"post-category \">\n\t\t\t\t\t<a href=\"https:\/\/www.poesiegalerie.at\/wordpress\/category\/interviews\/\" rel=\"category tag\">INTERVIEWS<\/a>\n\t\t\t<\/aside>\n\t\t      <div class=\"post-title\"><h4><a href=\"https:\/\/www.poesiegalerie.at\/wordpress\/2026\/05\/03\/kluy-interview-wie-leicht-kann-sprache-sein\/\" title=\"Wie leicht kann Sprache sein\"><span>Wie leicht kann Sprache sein<\/span><\/a><\/h4><\/div>      \t\t\t\t<aside class=\"thb-post-bottom\">\n\t\t\t\t\t\t<ul>\n\t\t\t\t\t\t\t\t<li class=\"post-date\">3. Mai 2026<\/li>\n\t\t\t\t\t\t\t\t\t\t\t\t<li class=\"post-read\">16 mins Read<\/li>\n\t\t\t\t\t\t\t\t\t\t\t<\/ul>\n\t\t<\/aside>\n\t\t      <a href=\"https:\/\/www.poesiegalerie.at\/wordpress\/2026\/05\/03\/kluy-interview-wie-leicht-kann-sprache-sein\/\" class=\"featured-read-more\">Read More<\/a>\n    <\/div>\n  <\/div>\n<\/div>\t\t\t\t\t\t\t\t\t\t\t\t\t\t\t\t\t\t\t<\/div>\n\t\t\t\t\t\t\t<div class=\"columns\">\n\t\t\t\t\t\t\t\t\t\t\t\t\t\t\t\t\t\t\t\t\t\t\t\t\t\t\t\t\t\t\t<div class=\"post style12 featured-style featured-overflow center-contents post-22937 type-post status-publish format-standard has-post-thumbnail hentry category-besprechung tag-alexander-kluy tag-helwig-brunner\">\n  <figure class=\"post-gallery thb-parallax\" data-video=\"mp4:\">\n    <img width=\"644\" height=\"710\" src=\"https:\/\/www.poesiegalerie.at\/wordpress\/wp-content\/uploads\/2025\/09\/Cover-22abdruck-in-weicher-masse22-Helwig-Brunner-20x19.jpeg\" class=\"attachment-theissue-square-x2 size-theissue-square-x2 thb-lazyload lazyload wp-post-image\" alt=\"\" decoding=\"async\" loading=\"lazy\" data-src=\"https:\/\/www.poesiegalerie.at\/wordpress\/wp-content\/uploads\/2025\/09\/Cover-22abdruck-in-weicher-masse22-Helwig-Brunner-644x710.jpeg\" data-sizes=\"auto\" \/>  <\/figure>\n  <div class=\"post-inner-content\">\n    <div class=\"post-overflow-content\">\n      \t\t<aside class=\"post-category \">\n\t\t\t\t\t<a href=\"https:\/\/www.poesiegalerie.at\/wordpress\/category\/besprechung\/\" rel=\"category tag\">BESPRECHUNGEN<\/a>\n\t\t\t<\/aside>\n\t\t      <div class=\"post-title\"><h4><a href=\"https:\/\/www.poesiegalerie.at\/wordpress\/2025\/10\/21\/kluy-besprechung-wort-raum-von-vergaenglichkeit-und-verharren\/\" title=\"Wort-Raum von Verg\u00e4nglichkeit und Verharren\"><span>Wort-Raum von Verg\u00e4nglichkeit und Verharren<\/span><\/a><\/h4><\/div>      \t\t\t\t<aside class=\"thb-post-bottom\">\n\t\t\t\t\t\t<ul>\n\t\t\t\t\t\t\t\t<li class=\"post-date\">21. Oktober 2025<\/li>\n\t\t\t\t\t\t\t\t\t\t\t\t<li class=\"post-read\">3 mins Read<\/li>\n\t\t\t\t\t\t\t\t\t\t\t<\/ul>\n\t\t<\/aside>\n\t\t      <a href=\"https:\/\/www.poesiegalerie.at\/wordpress\/2025\/10\/21\/kluy-besprechung-wort-raum-von-vergaenglichkeit-und-verharren\/\" class=\"featured-read-more\">Read More<\/a>\n    <\/div>\n  <\/div>\n<\/div>\t\t\t\t\t\t\t\t\t\t\t\t\t\t\t\t\t\t\t<\/div>\n\t\t\t\t\t\t\t<div class=\"columns\">\n\t\t\t\t\t\t\t\t\t\t\t\t\t\t\t\t\t\t\t\t\t\t\t\t\t\t\t\t\t\t\t<div class=\"post style12 featured-style featured-overflow center-contents post-22924 type-post status-publish format-standard has-post-thumbnail hentry category-besprechung tag-alexander-kluy tag-andreas-unterweger\">\n  <figure class=\"post-gallery thb-parallax\" data-video=\"mp4:\">\n    <img width=\"347\" height=\"560\" src=\"https:\/\/www.poesiegalerie.at\/wordpress\/wp-content\/uploads\/2025\/03\/Cover-22Haus-ohne-Tueren22-von-Andreas-Unterweger-20x19.jpeg\" class=\"attachment-theissue-square-x2 size-theissue-square-x2 thb-lazyload lazyload wp-post-image\" alt=\"Cover &quot;Haus ohne T\u00fcren&quot; von Andreas Unterweger\" decoding=\"async\" loading=\"lazy\" sizes=\"(max-width: 347px) 100vw, 347px\" data-src=\"https:\/\/www.poesiegalerie.at\/wordpress\/wp-content\/uploads\/2025\/03\/Cover-22Haus-ohne-Tueren22-von-Andreas-Unterweger.jpeg\" data-sizes=\"auto\" data-srcset=\"https:\/\/www.poesiegalerie.at\/wordpress\/wp-content\/uploads\/2025\/03\/Cover-22Haus-ohne-Tueren22-von-Andreas-Unterweger.jpeg 347w, https:\/\/www.poesiegalerie.at\/wordpress\/wp-content\/uploads\/2025\/03\/Cover-22Haus-ohne-Tueren22-von-Andreas-Unterweger-186x300.jpeg 186w, https:\/\/www.poesiegalerie.at\/wordpress\/wp-content\/uploads\/2025\/03\/Cover-22Haus-ohne-Tueren22-von-Andreas-Unterweger-93x150.jpeg 93w, https:\/\/www.poesiegalerie.at\/wordpress\/wp-content\/uploads\/2025\/03\/Cover-22Haus-ohne-Tueren22-von-Andreas-Unterweger-20x32.jpeg 20w, https:\/\/www.poesiegalerie.at\/wordpress\/wp-content\/uploads\/2025\/03\/Cover-22Haus-ohne-Tueren22-von-Andreas-Unterweger-30x48.jpeg 30w\" \/>  <\/figure>\n  <div class=\"post-inner-content\">\n    <div class=\"post-overflow-content\">\n      \t\t<aside class=\"post-category \">\n\t\t\t\t\t<a href=\"https:\/\/www.poesiegalerie.at\/wordpress\/category\/besprechung\/\" rel=\"category tag\">BESPRECHUNGEN<\/a>\n\t\t\t<\/aside>\n\t\t      <div class=\"post-title\"><h4><a href=\"https:\/\/www.poesiegalerie.at\/wordpress\/2025\/10\/17\/kluy-besprechung-wer-fliegen-will-muss-nur-still-sitzen\/\" title=\"Wer fliegen will, muss nur still sitzen\"><span>Wer fliegen will, muss nur still sitzen<\/span><\/a><\/h4><\/div>      \t\t\t\t<aside class=\"thb-post-bottom\">\n\t\t\t\t\t\t<ul>\n\t\t\t\t\t\t\t\t<li class=\"post-date\">17. Oktober 2025<\/li>\n\t\t\t\t\t\t\t\t\t\t\t\t<li class=\"post-read\">4 mins Read<\/li>\n\t\t\t\t\t\t\t\t\t\t\t<\/ul>\n\t\t<\/aside>\n\t\t      <a href=\"https:\/\/www.poesiegalerie.at\/wordpress\/2025\/10\/17\/kluy-besprechung-wer-fliegen-will-muss-nur-still-sitzen\/\" class=\"featured-read-more\">Read More<\/a>\n    <\/div>\n  <\/div>\n<\/div>\t\t\t\t\t\t\t\t\t\t\t\t\t\t\t\t\t\t\t<\/div>\n\t\t\t\t\t\t\t<div class=\"columns\">\n\t\t\t\t\t\t\t\t\t\t\t\t\t\t\t\t\t\t\t\t\t\t\t\t\t\t\t\t\t\t\t<div class=\"post style12 featured-style featured-overflow center-contents post-22795 type-post status-publish format-standard has-post-thumbnail hentry category-besprechung tag-alexander-kluy tag-udo-kawasser\">\n  <figure class=\"post-gallery thb-parallax\" data-video=\"mp4:\">\n    <img width=\"740\" height=\"710\" src=\"https:\/\/www.poesiegalerie.at\/wordpress\/wp-content\/uploads\/2025\/10\/Cover-Kawasser-Udo-Podium-134-1-20x19.jpeg\" class=\"attachment-theissue-square-x2 size-theissue-square-x2 thb-lazyload lazyload wp-post-image\" alt=\"\" decoding=\"async\" loading=\"lazy\" sizes=\"(max-width: 740px) 100vw, 740px\" data-src=\"https:\/\/www.poesiegalerie.at\/wordpress\/wp-content\/uploads\/2025\/10\/Cover-Kawasser-Udo-Podium-134-1-740x710.jpeg\" data-sizes=\"auto\" data-srcset=\"https:\/\/www.poesiegalerie.at\/wordpress\/wp-content\/uploads\/2025\/10\/Cover-Kawasser-Udo-Podium-134-1-740x710.jpeg 740w, https:\/\/www.poesiegalerie.at\/wordpress\/wp-content\/uploads\/2025\/10\/Cover-Kawasser-Udo-Podium-134-1-370x355.jpeg 370w, https:\/\/www.poesiegalerie.at\/wordpress\/wp-content\/uploads\/2025\/10\/Cover-Kawasser-Udo-Podium-134-1-20x18.jpeg 20w\" \/>  <\/figure>\n  <div class=\"post-inner-content\">\n    <div class=\"post-overflow-content\">\n      \t\t<aside class=\"post-category \">\n\t\t\t\t\t<a href=\"https:\/\/www.poesiegalerie.at\/wordpress\/category\/besprechung\/\" rel=\"category tag\">BESPRECHUNGEN<\/a>\n\t\t\t<\/aside>\n\t\t      <div class=\"post-title\"><h4><a href=\"https:\/\/www.poesiegalerie.at\/wordpress\/2025\/10\/10\/kluy-besprechung-wer-merkt-sich-schon-den-verlauf-einer-huegellinie\/\" title=\"wer merkt sich schon den verlauf einer h\u00fcgellinie\"><span>wer merkt sich schon den verlauf einer h\u00fcgellinie<\/span><\/a><\/h4><\/div>      \t\t\t\t<aside class=\"thb-post-bottom\">\n\t\t\t\t\t\t<ul>\n\t\t\t\t\t\t\t\t<li class=\"post-date\">10. Oktober 2025<\/li>\n\t\t\t\t\t\t\t\t\t\t\t\t<li class=\"post-read\">4 mins Read<\/li>\n\t\t\t\t\t\t\t\t\t\t\t<\/ul>\n\t\t<\/aside>\n\t\t      <a href=\"https:\/\/www.poesiegalerie.at\/wordpress\/2025\/10\/10\/kluy-besprechung-wer-merkt-sich-schon-den-verlauf-einer-huegellinie\/\" class=\"featured-read-more\">Read More<\/a>\n    <\/div>\n  <\/div>\n<\/div>\t\t\t\t\t\t\t\t\t\t\t\t\t\t\t\t\t\t\t<\/div>\n\t\t\t\t\t\t\t<div class=\"columns\">\n\t\t\t\t\t\t\t\t\t\t\t\t\t\t\t\t\t\t\t\t\t\t\t\t\t\t\t\t\t\t\t<div class=\"post style12 featured-style featured-overflow center-contents post-22338 type-post status-publish format-standard has-post-thumbnail hentry category-besprechung tag-alexander-kluy tag-rhea-krcmarova\">\n  <figure class=\"post-gallery thb-parallax\" data-video=\"mp4:\">\n    <img width=\"644\" height=\"710\" src=\"https:\/\/www.poesiegalerie.at\/wordpress\/wp-content\/uploads\/2025\/08\/Cover-22Tagebruch-Instant22-Rhea-Krcmarova-20x19.jpeg\" class=\"attachment-theissue-square-x2 size-theissue-square-x2 thb-lazyload lazyload wp-post-image\" alt=\"\" decoding=\"async\" loading=\"lazy\" data-src=\"https:\/\/www.poesiegalerie.at\/wordpress\/wp-content\/uploads\/2025\/08\/Cover-22Tagebruch-Instant22-Rhea-Krcmarova-644x710.jpeg\" data-sizes=\"auto\" \/>  <\/figure>\n  <div class=\"post-inner-content\">\n    <div class=\"post-overflow-content\">\n      \t\t<aside class=\"post-category \">\n\t\t\t\t\t<a href=\"https:\/\/www.poesiegalerie.at\/wordpress\/category\/besprechung\/\" rel=\"category tag\">BESPRECHUNGEN<\/a>\n\t\t\t<\/aside>\n\t\t      <div class=\"post-title\"><h4><a href=\"https:\/\/www.poesiegalerie.at\/wordpress\/2025\/09\/03\/kluy-besprechung-und-das-wasser-und-ich\/\" title=\"und das wasser \/ und ich\"><span>und das wasser \/ und ich<\/span><\/a><\/h4><\/div>      \t\t\t\t<aside class=\"thb-post-bottom\">\n\t\t\t\t\t\t<ul>\n\t\t\t\t\t\t\t\t<li class=\"post-date\">3. September 2025<\/li>\n\t\t\t\t\t\t\t\t\t\t\t\t<li class=\"post-read\">3 mins Read<\/li>\n\t\t\t\t\t\t\t\t\t\t\t<\/ul>\n\t\t<\/aside>\n\t\t      <a href=\"https:\/\/www.poesiegalerie.at\/wordpress\/2025\/09\/03\/kluy-besprechung-und-das-wasser-und-ich\/\" class=\"featured-read-more\">Read More<\/a>\n    <\/div>\n  <\/div>\n<\/div>\t\t\t\t\t\t\t\t\t\t\t\t\t\t\t\t\t\t\t<\/div>\n\t\t\t\t\t\t\t<div class=\"columns\">\n\t\t\t\t\t\t\t\t\t\t\t\t\t\t\t\t\t\t\t\t\t\t\t\t\t\t\t\t\t\t\t<div class=\"post style12 featured-style featured-overflow center-contents post-22278 type-post status-publish format-standard has-post-thumbnail hentry category-besprechung tag-alexander-kluy tag-martin-dragosits\">\n  <figure class=\"post-gallery thb-parallax\" data-video=\"mp4:\">\n    <img width=\"300\" height=\"400\" src=\"https:\/\/www.poesiegalerie.at\/wordpress\/wp-content\/uploads\/2025\/08\/IMG_0185-20x19.jpeg\" class=\"attachment-theissue-square-x2 size-theissue-square-x2 thb-lazyload lazyload wp-post-image\" alt=\"Portr\u00e4t Martin Dragosits\" decoding=\"async\" loading=\"lazy\" sizes=\"(max-width: 300px) 100vw, 300px\" data-src=\"https:\/\/www.poesiegalerie.at\/wordpress\/wp-content\/uploads\/2025\/08\/IMG_0185.jpeg\" data-sizes=\"auto\" data-srcset=\"https:\/\/www.poesiegalerie.at\/wordpress\/wp-content\/uploads\/2025\/08\/IMG_0185.jpeg 300w, https:\/\/www.poesiegalerie.at\/wordpress\/wp-content\/uploads\/2025\/08\/IMG_0185-225x300.jpeg 225w, https:\/\/www.poesiegalerie.at\/wordpress\/wp-content\/uploads\/2025\/08\/IMG_0185-113x150.jpeg 113w, https:\/\/www.poesiegalerie.at\/wordpress\/wp-content\/uploads\/2025\/08\/IMG_0185-20x27.jpeg 20w, https:\/\/www.poesiegalerie.at\/wordpress\/wp-content\/uploads\/2025\/08\/IMG_0185-36x48.jpeg 36w\" \/>  <\/figure>\n  <div class=\"post-inner-content\">\n    <div class=\"post-overflow-content\">\n      \t\t<aside class=\"post-category \">\n\t\t\t\t\t<a href=\"https:\/\/www.poesiegalerie.at\/wordpress\/category\/besprechung\/\" rel=\"category tag\">BESPRECHUNGEN<\/a>\n\t\t\t<\/aside>\n\t\t      <div class=\"post-title\"><h4><a href=\"https:\/\/www.poesiegalerie.at\/wordpress\/2025\/08\/26\/kluy-besprechung-die-lyrikmuehle-auf-und-zu\/\" title=\"die Lyrikm\u00fchle auf und zu\"><span>die Lyrikm\u00fchle auf und zu<\/span><\/a><\/h4><\/div>      \t\t\t\t<aside class=\"thb-post-bottom\">\n\t\t\t\t\t\t<ul>\n\t\t\t\t\t\t\t\t<li class=\"post-date\">26. August 2025<\/li>\n\t\t\t\t\t\t\t\t\t\t\t\t<li class=\"post-read\">3 mins Read<\/li>\n\t\t\t\t\t\t\t\t\t\t\t<\/ul>\n\t\t<\/aside>\n\t\t      <a href=\"https:\/\/www.poesiegalerie.at\/wordpress\/2025\/08\/26\/kluy-besprechung-die-lyrikmuehle-auf-und-zu\/\" class=\"featured-read-more\">Read More<\/a>\n    <\/div>\n  <\/div>\n<\/div>\t\t\t\t\t\t\t\t\t\t\t\t\t\t\t\t\t\t\t<\/div>\n\t\t\t\t\t\t\t<div class=\"columns\">\n\t\t\t\t\t\t\t\t\t\t\t\t\t\t\t\t\t\t\t\t\t\t\t\t\t\t\t\t\t\t\t<div class=\"post style12 featured-style featured-overflow center-contents post-22244 type-post status-publish format-standard has-post-thumbnail hentry category-besprechung tag-alexander-kluy tag-stefan-heyer\">\n  <figure class=\"post-gallery thb-parallax\" data-video=\"mp4:\">\n    <img width=\"390\" height=\"648\" src=\"https:\/\/www.poesiegalerie.at\/wordpress\/wp-content\/uploads\/2025\/08\/IMG_0182-20x19.jpeg\" class=\"attachment-theissue-square-x2 size-theissue-square-x2 thb-lazyload lazyload wp-post-image\" alt=\"\" decoding=\"async\" loading=\"lazy\" sizes=\"(max-width: 390px) 100vw, 390px\" data-src=\"https:\/\/www.poesiegalerie.at\/wordpress\/wp-content\/uploads\/2025\/08\/IMG_0182.jpeg\" data-sizes=\"auto\" data-srcset=\"https:\/\/www.poesiegalerie.at\/wordpress\/wp-content\/uploads\/2025\/08\/IMG_0182.jpeg 390w, https:\/\/www.poesiegalerie.at\/wordpress\/wp-content\/uploads\/2025\/08\/IMG_0182-181x300.jpeg 181w, https:\/\/www.poesiegalerie.at\/wordpress\/wp-content\/uploads\/2025\/08\/IMG_0182-90x150.jpeg 90w, https:\/\/www.poesiegalerie.at\/wordpress\/wp-content\/uploads\/2025\/08\/IMG_0182-370x615.jpeg 370w, https:\/\/www.poesiegalerie.at\/wordpress\/wp-content\/uploads\/2025\/08\/IMG_0182-20x33.jpeg 20w, https:\/\/www.poesiegalerie.at\/wordpress\/wp-content\/uploads\/2025\/08\/IMG_0182-29x48.jpeg 29w\" \/>  <\/figure>\n  <div class=\"post-inner-content\">\n    <div class=\"post-overflow-content\">\n      \t\t<aside class=\"post-category \">\n\t\t\t\t\t<a href=\"https:\/\/www.poesiegalerie.at\/wordpress\/category\/besprechung\/\" rel=\"category tag\">BESPRECHUNGEN<\/a>\n\t\t\t<\/aside>\n\t\t      <div class=\"post-title\"><h4><a href=\"https:\/\/www.poesiegalerie.at\/wordpress\/2025\/08\/23\/besprechung-kluy-orangen-schaelen-im-winter\/\" title=\"orangen sch\u00e4len im winter\"><span>orangen sch\u00e4len im winter<\/span><\/a><\/h4><\/div>      \t\t\t\t<aside class=\"thb-post-bottom\">\n\t\t\t\t\t\t<ul>\n\t\t\t\t\t\t\t\t<li class=\"post-date\">23. August 2025<\/li>\n\t\t\t\t\t\t\t\t\t\t\t\t<li class=\"post-read\">3 mins Read<\/li>\n\t\t\t\t\t\t\t\t\t\t\t<\/ul>\n\t\t<\/aside>\n\t\t      <a href=\"https:\/\/www.poesiegalerie.at\/wordpress\/2025\/08\/23\/besprechung-kluy-orangen-schaelen-im-winter\/\" class=\"featured-read-more\">Read More<\/a>\n    <\/div>\n  <\/div>\n<\/div>\t\t\t\t\t\t\t\t\t\t\t\t\t\t\t\t\t\t\t<\/div>\n\t\t\t\t\t\t\t<div class=\"columns\">\n\t\t\t\t\t\t\t\t\t\t\t\t\t\t\t\t\t\t\t\t\t\t\t\t\t\t\t\t\t\t\t<div class=\"post style12 featured-style featured-overflow center-contents post-21704 type-post status-publish format-standard has-post-thumbnail hentry category-besprechung tag-alexander-kluy tag-verena-stauffer\">\n  <figure class=\"post-gallery thb-parallax\" data-video=\"mp4:\">\n    <img width=\"740\" height=\"710\" src=\"https:\/\/www.poesiegalerie.at\/wordpress\/wp-content\/uploads\/2025\/05\/Cover-22Kiki-Beach22-Liebesgedichte-Verena-Stauffer-20x19.webp\" class=\"attachment-theissue-square-x2 size-theissue-square-x2 thb-lazyload lazyload wp-post-image\" alt=\"\" decoding=\"async\" loading=\"lazy\" sizes=\"(max-width: 740px) 100vw, 740px\" data-src=\"https:\/\/www.poesiegalerie.at\/wordpress\/wp-content\/uploads\/2025\/05\/Cover-22Kiki-Beach22-Liebesgedichte-Verena-Stauffer-740x710.webp\" data-sizes=\"auto\" data-srcset=\"https:\/\/www.poesiegalerie.at\/wordpress\/wp-content\/uploads\/2025\/05\/Cover-22Kiki-Beach22-Liebesgedichte-Verena-Stauffer-740x710.webp 740w, https:\/\/www.poesiegalerie.at\/wordpress\/wp-content\/uploads\/2025\/05\/Cover-22Kiki-Beach22-Liebesgedichte-Verena-Stauffer-370x355.webp 370w, https:\/\/www.poesiegalerie.at\/wordpress\/wp-content\/uploads\/2025\/05\/Cover-22Kiki-Beach22-Liebesgedichte-Verena-Stauffer-20x19.webp 20w\" \/>  <\/figure>\n  <div class=\"post-inner-content\">\n    <div class=\"post-overflow-content\">\n      \t\t<aside class=\"post-category \">\n\t\t\t\t\t<a href=\"https:\/\/www.poesiegalerie.at\/wordpress\/category\/besprechung\/\" rel=\"category tag\">BESPRECHUNGEN<\/a>\n\t\t\t<\/aside>\n\t\t      <div class=\"post-title\"><h4><a href=\"https:\/\/www.poesiegalerie.at\/wordpress\/2025\/06\/01\/kluy-besprechung-worte-betreten-die-buehne\/\" title=\"Worte betreten die B\u00fchne\"><span>Worte betreten die B\u00fchne<\/span><\/a><\/h4><\/div>      \t\t\t\t<aside class=\"thb-post-bottom\">\n\t\t\t\t\t\t<ul>\n\t\t\t\t\t\t\t\t<li class=\"post-date\">1. Juni 2025<\/li>\n\t\t\t\t\t\t\t\t\t\t\t\t<li class=\"post-read\">3 mins Read<\/li>\n\t\t\t\t\t\t\t\t\t\t\t<\/ul>\n\t\t<\/aside>\n\t\t      <a href=\"https:\/\/www.poesiegalerie.at\/wordpress\/2025\/06\/01\/kluy-besprechung-worte-betreten-die-buehne\/\" class=\"featured-read-more\">Read More<\/a>\n    <\/div>\n  <\/div>\n<\/div>\t\t\t\t\t\t\t\t\t\t\t\t\t\t\t\t\t\t\t<\/div>\n\t\t\t\t\t\t\t<div class=\"columns\">\n\t\t\t\t\t\t\t\t\t\t\t\t\t\t\t\t\t\t\t\t\t\t\t\t\t\t\t\t\t\t\t<div class=\"post style12 featured-style featured-overflow center-contents post-21492 type-post status-publish format-standard has-post-thumbnail hentry category-besprechung tag-alexander-kluy tag-patricia-mathes\">\n  <figure class=\"post-gallery thb-parallax\" data-video=\"mp4:\">\n    <img width=\"740\" height=\"710\" src=\"https:\/\/www.poesiegalerie.at\/wordpress\/wp-content\/uploads\/2025\/04\/Cover-22im-grunde-sprichst-du-schon22-von-Patricia-Mathes-20x19.jpeg\" class=\"attachment-theissue-square-x2 size-theissue-square-x2 thb-lazyload lazyload wp-post-image\" alt=\"\" decoding=\"async\" loading=\"lazy\" sizes=\"(max-width: 740px) 100vw, 740px\" data-src=\"https:\/\/www.poesiegalerie.at\/wordpress\/wp-content\/uploads\/2025\/04\/Cover-22im-grunde-sprichst-du-schon22-von-Patricia-Mathes-740x710.jpeg\" data-sizes=\"auto\" data-srcset=\"https:\/\/www.poesiegalerie.at\/wordpress\/wp-content\/uploads\/2025\/04\/Cover-22im-grunde-sprichst-du-schon22-von-Patricia-Mathes-740x710.jpeg 740w, https:\/\/www.poesiegalerie.at\/wordpress\/wp-content\/uploads\/2025\/04\/Cover-22im-grunde-sprichst-du-schon22-von-Patricia-Mathes-370x355.jpeg 370w, https:\/\/www.poesiegalerie.at\/wordpress\/wp-content\/uploads\/2025\/04\/Cover-22im-grunde-sprichst-du-schon22-von-Patricia-Mathes-20x19.jpeg 20w\" \/>  <\/figure>\n  <div class=\"post-inner-content\">\n    <div class=\"post-overflow-content\">\n      \t\t<aside class=\"post-category \">\n\t\t\t\t\t<a href=\"https:\/\/www.poesiegalerie.at\/wordpress\/category\/besprechung\/\" rel=\"category tag\">BESPRECHUNGEN<\/a>\n\t\t\t<\/aside>\n\t\t      <div class=\"post-title\"><h4><a href=\"https:\/\/www.poesiegalerie.at\/wordpress\/2025\/04\/28\/kluy-besprechung-sollte-ihnen-gerade-nach-sprache-sein\/\" title=\"sollte ihnen gerade nach sprache sein\"><span>sollte ihnen gerade nach sprache sein<\/span><\/a><\/h4><\/div>      \t\t\t\t<aside class=\"thb-post-bottom\">\n\t\t\t\t\t\t<ul>\n\t\t\t\t\t\t\t\t<li class=\"post-date\">28. April 2025<\/li>\n\t\t\t\t\t\t\t\t\t\t\t\t<li class=\"post-read\">3 mins Read<\/li>\n\t\t\t\t\t\t\t\t\t\t\t<\/ul>\n\t\t<\/aside>\n\t\t      <a href=\"https:\/\/www.poesiegalerie.at\/wordpress\/2025\/04\/28\/kluy-besprechung-sollte-ihnen-gerade-nach-sprache-sein\/\" class=\"featured-read-more\">Read More<\/a>\n    <\/div>\n  <\/div>\n<\/div>\t\t\t\t\t\t\t\t\t\t\t\t\t\t\t\t\t\t\t<\/div>\n\t\t\t\t\t\t\t<div class=\"columns\">\n\t\t\t\t\t\t\t\t\t\t\t\t\t\t\t\t\t\t\t\t\t\t\t\t\t\t\t\t\t\t\t<div class=\"post style12 featured-style featured-overflow center-contents post-21161 type-post status-publish format-standard has-post-thumbnail hentry category-besprechung tag-alexander-kluy tag-siljarosa-schletterer\">\n  <figure class=\"post-gallery thb-parallax\" data-video=\"mp4:\">\n    <img width=\"413\" height=\"670\" src=\"https:\/\/www.poesiegalerie.at\/wordpress\/wp-content\/uploads\/2025\/04\/cover-22koerperentschaemungen22-von-Siljarosa-Schletterers-20x19.jpeg\" class=\"attachment-theissue-square-x2 size-theissue-square-x2 thb-lazyload lazyload wp-post-image\" alt=\"\" decoding=\"async\" loading=\"lazy\" sizes=\"(max-width: 413px) 100vw, 413px\" data-src=\"https:\/\/www.poesiegalerie.at\/wordpress\/wp-content\/uploads\/2025\/04\/cover-22koerperentschaemungen22-von-Siljarosa-Schletterers.jpeg\" data-sizes=\"auto\" data-srcset=\"https:\/\/www.poesiegalerie.at\/wordpress\/wp-content\/uploads\/2025\/04\/cover-22koerperentschaemungen22-von-Siljarosa-Schletterers.jpeg 413w, https:\/\/www.poesiegalerie.at\/wordpress\/wp-content\/uploads\/2025\/04\/cover-22koerperentschaemungen22-von-Siljarosa-Schletterers-185x300.jpeg 185w, https:\/\/www.poesiegalerie.at\/wordpress\/wp-content\/uploads\/2025\/04\/cover-22koerperentschaemungen22-von-Siljarosa-Schletterers-92x150.jpeg 92w, https:\/\/www.poesiegalerie.at\/wordpress\/wp-content\/uploads\/2025\/04\/cover-22koerperentschaemungen22-von-Siljarosa-Schletterers-370x600.jpeg 370w, https:\/\/www.poesiegalerie.at\/wordpress\/wp-content\/uploads\/2025\/04\/cover-22koerperentschaemungen22-von-Siljarosa-Schletterers-20x32.jpeg 20w, https:\/\/www.poesiegalerie.at\/wordpress\/wp-content\/uploads\/2025\/04\/cover-22koerperentschaemungen22-von-Siljarosa-Schletterers-30x48.jpeg 30w\" \/>  <\/figure>\n  <div class=\"post-inner-content\">\n    <div class=\"post-overflow-content\">\n      \t\t<aside class=\"post-category \">\n\t\t\t\t\t<a href=\"https:\/\/www.poesiegalerie.at\/wordpress\/category\/besprechung\/\" rel=\"category tag\">BESPRECHUNGEN<\/a>\n\t\t\t<\/aside>\n\t\t      <div class=\"post-title\"><h4><a href=\"https:\/\/www.poesiegalerie.at\/wordpress\/2025\/04\/02\/alexander-kluy-besprechung-der-uterus-ist-kein-boxsack\/\" title=\"der uterus ist kein boxsack\"><span>der uterus ist kein boxsack<\/span><\/a><\/h4><\/div>      \t\t\t\t<aside class=\"thb-post-bottom\">\n\t\t\t\t\t\t<ul>\n\t\t\t\t\t\t\t\t<li class=\"post-date\">2. April 2025<\/li>\n\t\t\t\t\t\t\t\t\t\t\t\t<li class=\"post-read\">3 mins Read<\/li>\n\t\t\t\t\t\t\t\t\t\t\t<\/ul>\n\t\t<\/aside>\n\t\t      <a href=\"https:\/\/www.poesiegalerie.at\/wordpress\/2025\/04\/02\/alexander-kluy-besprechung-der-uterus-ist-kein-boxsack\/\" class=\"featured-read-more\">Read More<\/a>\n    <\/div>\n  <\/div>\n<\/div>\t\t\t\t\t\t\t\t\t\t\t\t\t\t\t\t\t\t\t<\/div>\n\t\t\t\t\t\t\t\t<\/div>\n\t\t[\/vc_column][\/vc_row]\n<\/section>","protected":false},"excerpt":{"rendered":"<p>[vc_row][vc_column width=&#8220;2\/3&#8243;][vc_column_text css=&#8220;.vc_custom_1591810821563{margin-bottom: 10px !important;}&#8220;] Biografie [\/vc_column_text][vc_column_text]geboren 1966 in N\u00fcrnberg. Der Autor wuchs am Bodensee auf und lebt als Autor, Journalist und Herausgeber in M\u00fcnchen. Studium der Germanistik und Amerikanistik an der Ludwigs-Maximilians-Universit\u00e4t in M\u00fcnchen. Themen und Arbeitsschwerpunkte: Literatur. Rezensionen. Kulturgeschichte. Biographien. Publizierte bis 2026 ca. 50 B\u00fccher. Er schreibt regelm\u00e4\u00dfig u. a. f\u00fcr Standard,&hellip;<\/p>\n","protected":false},"author":9,"featured_media":24517,"parent":8903,"menu_order":0,"comment_status":"closed","ping_status":"closed","template":"","meta":[],"categories":[103],"tags":[652,134],"yoast_head":"<!-- This site is optimized with the Yoast SEO plugin v20.6 - https:\/\/yoast.com\/wordpress\/plugins\/seo\/ -->\n<title>Kluy Alexander - Poesiegalerie<\/title>\n<meta name=\"description\" content=\"Seite von Alexander Kluy f\u00fcr die Poesiegalerie\" \/>\n<meta name=\"robots\" content=\"index, follow, max-snippet:-1, max-image-preview:large, max-video-preview:-1\" \/>\n<link rel=\"canonical\" href=\"https:\/\/www.poesiegalerie.at\/wordpress\/autor\u2011innen\/kluy-alexander\/\" \/>\n<meta property=\"og:locale\" content=\"de_DE\" \/>\n<meta property=\"og:type\" content=\"article\" \/>\n<meta property=\"og:title\" content=\"Kluy Alexander - Poesiegalerie\" \/>\n<meta property=\"og:description\" content=\"Seite von Alexander Kluy f\u00fcr die Poesiegalerie\" \/>\n<meta property=\"og:url\" content=\"https:\/\/www.poesiegalerie.at\/wordpress\/autor\u2011innen\/kluy-alexander\/\" \/>\n<meta property=\"og:site_name\" content=\"Poesiegalerie\" \/>\n<meta property=\"article:publisher\" content=\"https:\/\/facebook.com\/poesiegalerie\" \/>\n<meta property=\"og:image\" content=\"https:\/\/www.poesiegalerie.at\/wordpress\/wp-content\/uploads\/2026\/05\/Portraitfoto-Alexander-Kluy-\u00a9Filippo-Cirri-1.jpeg\" \/>\n\t<meta property=\"og:image:width\" content=\"789\" \/>\n\t<meta property=\"og:image:height\" content=\"728\" \/>\n\t<meta property=\"og:image:type\" content=\"image\/jpeg\" \/>\n<meta name=\"twitter:card\" content=\"summary_large_image\" \/>\n<meta name=\"twitter:site\" content=\"@poesiegalerie\" \/>\n<meta name=\"twitter:label1\" content=\"Gesch\u00e4tzte Lesezeit\" \/>\n\t<meta name=\"twitter:data1\" content=\"2 Minuten\" \/>\n<script type=\"application\/ld+json\" class=\"yoast-schema-graph\">{\"@context\":\"https:\/\/schema.org\",\"@graph\":[{\"@type\":\"WebPage\",\"@id\":\"https:\/\/www.poesiegalerie.at\/wordpress\/autor%e2%80%91innen\/kluy-alexander\/\",\"url\":\"https:\/\/www.poesiegalerie.at\/wordpress\/autor%e2%80%91innen\/kluy-alexander\/\",\"name\":\"Kluy Alexander - Poesiegalerie\",\"isPartOf\":{\"@id\":\"https:\/\/www.poesiegalerie.at\/wordpress\/#website\"},\"datePublished\":\"2026-05-01T12:59:57+00:00\",\"dateModified\":\"2026-05-01T12:59:57+00:00\",\"description\":\"Seite von Alexander Kluy f\u00fcr die Poesiegalerie\",\"breadcrumb\":{\"@id\":\"https:\/\/www.poesiegalerie.at\/wordpress\/autor%e2%80%91innen\/kluy-alexander\/#breadcrumb\"},\"inLanguage\":\"de-DE\",\"potentialAction\":[{\"@type\":\"ReadAction\",\"target\":[\"https:\/\/www.poesiegalerie.at\/wordpress\/autor%e2%80%91innen\/kluy-alexander\/\"]}]},{\"@type\":\"BreadcrumbList\",\"@id\":\"https:\/\/www.poesiegalerie.at\/wordpress\/autor%e2%80%91innen\/kluy-alexander\/#breadcrumb\",\"itemListElement\":[{\"@type\":\"ListItem\",\"position\":1,\"name\":\"Startseite\",\"item\":\"https:\/\/www.poesiegalerie.at\/wordpress\/\"},{\"@type\":\"ListItem\",\"position\":2,\"name\":\"Autor*innen\",\"item\":\"https:\/\/www.poesiegalerie.at\/wordpress\/autor%e2%80%91innen\/\"},{\"@type\":\"ListItem\",\"position\":3,\"name\":\"Kluy Alexander\"}]},{\"@type\":\"WebSite\",\"@id\":\"https:\/\/www.poesiegalerie.at\/wordpress\/#website\",\"url\":\"https:\/\/www.poesiegalerie.at\/wordpress\/\",\"name\":\"Poesiegalerie\",\"description\":\"\",\"publisher\":{\"@id\":\"https:\/\/www.poesiegalerie.at\/wordpress\/#organization\"},\"potentialAction\":[{\"@type\":\"SearchAction\",\"target\":{\"@type\":\"EntryPoint\",\"urlTemplate\":\"https:\/\/www.poesiegalerie.at\/wordpress\/?s={search_term_string}\"},\"query-input\":\"required name=search_term_string\"}],\"inLanguage\":\"de-DE\"},{\"@type\":\"Organization\",\"@id\":\"https:\/\/www.poesiegalerie.at\/wordpress\/#organization\",\"name\":\"Poesiegalerie\",\"url\":\"https:\/\/www.poesiegalerie.at\/wordpress\/\",\"logo\":{\"@type\":\"ImageObject\",\"inLanguage\":\"de-DE\",\"@id\":\"https:\/\/www.poesiegalerie.at\/wordpress\/#\/schema\/logo\/image\/\",\"url\":\"https:\/\/www.poesiegalerie.at\/wordpress\/wp-content\/uploads\/2021\/01\/Logoquadrat-PG-1.png\",\"contentUrl\":\"https:\/\/www.poesiegalerie.at\/wordpress\/wp-content\/uploads\/2021\/01\/Logoquadrat-PG-1.png\",\"width\":512,\"height\":512,\"caption\":\"Poesiegalerie\"},\"image\":{\"@id\":\"https:\/\/www.poesiegalerie.at\/wordpress\/#\/schema\/logo\/image\/\"},\"sameAs\":[\"https:\/\/facebook.com\/poesiegalerie\",\"https:\/\/twitter.com\/poesiegalerie\",\"https:\/\/instagram.com\/poesiegalerie\",\"https:\/\/youtube.com\/channel\/UChHTsNTzMPzZpU8TfKP3dNQ\"]}]}<\/script>\n<!-- \/ Yoast SEO plugin. -->","yoast_head_json":{"title":"Kluy Alexander - Poesiegalerie","description":"Seite von Alexander Kluy f\u00fcr die Poesiegalerie","robots":{"index":"index","follow":"follow","max-snippet":"max-snippet:-1","max-image-preview":"max-image-preview:large","max-video-preview":"max-video-preview:-1"},"canonical":"https:\/\/www.poesiegalerie.at\/wordpress\/autor\u2011innen\/kluy-alexander\/","og_locale":"de_DE","og_type":"article","og_title":"Kluy Alexander - Poesiegalerie","og_description":"Seite von Alexander Kluy f\u00fcr die Poesiegalerie","og_url":"https:\/\/www.poesiegalerie.at\/wordpress\/autor\u2011innen\/kluy-alexander\/","og_site_name":"Poesiegalerie","article_publisher":"https:\/\/facebook.com\/poesiegalerie","og_image":[{"width":789,"height":728,"url":"https:\/\/www.poesiegalerie.at\/wordpress\/wp-content\/uploads\/2026\/05\/Portraitfoto-Alexander-Kluy-\u00a9Filippo-Cirri-1.jpeg","type":"image\/jpeg"}],"twitter_card":"summary_large_image","twitter_site":"@poesiegalerie","twitter_misc":{"Gesch\u00e4tzte Lesezeit":"2 Minuten"},"schema":{"@context":"https:\/\/schema.org","@graph":[{"@type":"WebPage","@id":"https:\/\/www.poesiegalerie.at\/wordpress\/autor%e2%80%91innen\/kluy-alexander\/","url":"https:\/\/www.poesiegalerie.at\/wordpress\/autor%e2%80%91innen\/kluy-alexander\/","name":"Kluy Alexander - Poesiegalerie","isPartOf":{"@id":"https:\/\/www.poesiegalerie.at\/wordpress\/#website"},"datePublished":"2026-05-01T12:59:57+00:00","dateModified":"2026-05-01T12:59:57+00:00","description":"Seite von Alexander Kluy f\u00fcr die Poesiegalerie","breadcrumb":{"@id":"https:\/\/www.poesiegalerie.at\/wordpress\/autor%e2%80%91innen\/kluy-alexander\/#breadcrumb"},"inLanguage":"de-DE","potentialAction":[{"@type":"ReadAction","target":["https:\/\/www.poesiegalerie.at\/wordpress\/autor%e2%80%91innen\/kluy-alexander\/"]}]},{"@type":"BreadcrumbList","@id":"https:\/\/www.poesiegalerie.at\/wordpress\/autor%e2%80%91innen\/kluy-alexander\/#breadcrumb","itemListElement":[{"@type":"ListItem","position":1,"name":"Startseite","item":"https:\/\/www.poesiegalerie.at\/wordpress\/"},{"@type":"ListItem","position":2,"name":"Autor*innen","item":"https:\/\/www.poesiegalerie.at\/wordpress\/autor%e2%80%91innen\/"},{"@type":"ListItem","position":3,"name":"Kluy Alexander"}]},{"@type":"WebSite","@id":"https:\/\/www.poesiegalerie.at\/wordpress\/#website","url":"https:\/\/www.poesiegalerie.at\/wordpress\/","name":"Poesiegalerie","description":"","publisher":{"@id":"https:\/\/www.poesiegalerie.at\/wordpress\/#organization"},"potentialAction":[{"@type":"SearchAction","target":{"@type":"EntryPoint","urlTemplate":"https:\/\/www.poesiegalerie.at\/wordpress\/?s={search_term_string}"},"query-input":"required name=search_term_string"}],"inLanguage":"de-DE"},{"@type":"Organization","@id":"https:\/\/www.poesiegalerie.at\/wordpress\/#organization","name":"Poesiegalerie","url":"https:\/\/www.poesiegalerie.at\/wordpress\/","logo":{"@type":"ImageObject","inLanguage":"de-DE","@id":"https:\/\/www.poesiegalerie.at\/wordpress\/#\/schema\/logo\/image\/","url":"https:\/\/www.poesiegalerie.at\/wordpress\/wp-content\/uploads\/2021\/01\/Logoquadrat-PG-1.png","contentUrl":"https:\/\/www.poesiegalerie.at\/wordpress\/wp-content\/uploads\/2021\/01\/Logoquadrat-PG-1.png","width":512,"height":512,"caption":"Poesiegalerie"},"image":{"@id":"https:\/\/www.poesiegalerie.at\/wordpress\/#\/schema\/logo\/image\/"},"sameAs":["https:\/\/facebook.com\/poesiegalerie","https:\/\/twitter.com\/poesiegalerie","https:\/\/instagram.com\/poesiegalerie","https:\/\/youtube.com\/channel\/UChHTsNTzMPzZpU8TfKP3dNQ"]}]}},"_links":{"self":[{"href":"https:\/\/www.poesiegalerie.at\/wordpress\/wp-json\/wp\/v2\/pages\/24520"}],"collection":[{"href":"https:\/\/www.poesiegalerie.at\/wordpress\/wp-json\/wp\/v2\/pages"}],"about":[{"href":"https:\/\/www.poesiegalerie.at\/wordpress\/wp-json\/wp\/v2\/types\/page"}],"author":[{"embeddable":true,"href":"https:\/\/www.poesiegalerie.at\/wordpress\/wp-json\/wp\/v2\/users\/9"}],"replies":[{"embeddable":true,"href":"https:\/\/www.poesiegalerie.at\/wordpress\/wp-json\/wp\/v2\/comments?post=24520"}],"version-history":[{"count":2,"href":"https:\/\/www.poesiegalerie.at\/wordpress\/wp-json\/wp\/v2\/pages\/24520\/revisions"}],"predecessor-version":[{"id":24522,"href":"https:\/\/www.poesiegalerie.at\/wordpress\/wp-json\/wp\/v2\/pages\/24520\/revisions\/24522"}],"up":[{"embeddable":true,"href":"https:\/\/www.poesiegalerie.at\/wordpress\/wp-json\/wp\/v2\/pages\/8903"}],"wp:featuredmedia":[{"embeddable":true,"href":"https:\/\/www.poesiegalerie.at\/wordpress\/wp-json\/wp\/v2\/media\/24517"}],"wp:attachment":[{"href":"https:\/\/www.poesiegalerie.at\/wordpress\/wp-json\/wp\/v2\/media?parent=24520"}],"wp:term":[{"taxonomy":"category","embeddable":true,"href":"https:\/\/www.poesiegalerie.at\/wordpress\/wp-json\/wp\/v2\/categories?post=24520"},{"taxonomy":"post_tag","embeddable":true,"href":"https:\/\/www.poesiegalerie.at\/wordpress\/wp-json\/wp\/v2\/tags?post=24520"}],"curies":[{"name":"wp","href":"https:\/\/api.w.org\/{rel}","templated":true}]}}